{"id":61,"date":"2019-12-14T10:32:24","date_gmt":"2019-12-14T10:32:24","guid":{"rendered":"https:\/\/rtca.com.tn\/?page_id=61"},"modified":"2019-12-14T10:32:24","modified_gmt":"2019-12-14T10:32:24","slug":"nouvelles","status":"publish","type":"page","link":"https:\/\/rtca.com.tn\/index.php\/nouvelles\/","title":{"rendered":"Nouvelles"},"content":{"rendered":"<div class=\"pt-cv-wrapper\"><div class=\"pt-cv-view pt-cv-grid pt-cv-colsys pt-cv-nolf\" id=\"pt-cv-view-f4b3f231rz\"><div data-id=\"pt-cv-page-1\" class=\"pt-cv-page\" data-cvc=\"1\"><div class=\"col-md-12 col-sm-6 col-xs-12 pt-cv-content-item pt-cv-2-col\" ><div class='pt-cv-ifield'><a href=\"https:\/\/rtca.com.tn\/index.php\/2020\/02\/28\/rencontre-avec-m-alain-olivier-directeur-du-bureau-du-quebec-a-rabat\/\" class=\"_self pt-cv-href-thumbnail pt-cv-thumb-left\" target=\"_self\" ><img loading=\"lazy\" decoding=\"async\" width=\"176\" height=\"300\" src=\"https:\/\/rtca.com.tn\/wp-content\/uploads\/2020\/02\/Walid-Alin-176x300.jpg\" class=\"pt-cv-thumbnail pull-left\" alt=\"\" srcset=\"https:\/\/rtca.com.tn\/wp-content\/uploads\/2020\/02\/Walid-Alin-176x300.jpg 176w, https:\/\/rtca.com.tn\/wp-content\/uploads\/2020\/02\/Walid-Alin-768x1311.jpg 768w, https:\/\/rtca.com.tn\/wp-content\/uploads\/2020\/02\/Walid-Alin-600x1024.jpg 600w, https:\/\/rtca.com.tn\/wp-content\/uploads\/2020\/02\/Walid-Alin.jpg 800w\" sizes=\"(max-width: 176px) 100vw, 176px\" \/><\/a>\n<h4 class=\"pt-cv-title\"><a href=\"https:\/\/rtca.com.tn\/index.php\/2020\/02\/28\/rencontre-avec-m-alain-olivier-directeur-du-bureau-du-quebec-a-rabat\/\" class=\"_self\" target=\"_self\" >Rencontre avec M. Alain Olivier, Directeur du Bureau du Qu\u00e9bec \u00e0 Rabat<\/a><\/h4>\n<div class=\"pt-cv-content\">M. Walid Siala, Pr\u00e9sident du RTCA a re\u00e7u cet apr\u00e8s-midi M. Alain Olivier, Directeur du Bureau du Qu\u00e9bec \u00e0 Rabat ...<br \/><div class=\"pt-cv-rmwrap\"><a href=\"https:\/\/rtca.com.tn\/index.php\/2020\/02\/28\/rencontre-avec-m-alain-olivier-directeur-du-bureau-du-quebec-a-rabat\/\" class=\"_self pt-cv-readmore btn btn-success\" target=\"_self\">Plus de d\u00e9tails<\/a><\/div><\/div><\/div><\/div>\n<div class=\"col-md-12 col-sm-6 col-xs-12 pt-cv-content-item pt-cv-2-col\" ><div class='pt-cv-ifield'><a href=\"https:\/\/rtca.com.tn\/index.php\/2020\/02\/18\/le-rtca-au-coeur-du-reseautage-tuniso-canadien\/\" class=\"_self pt-cv-href-thumbnail pt-cv-thumb-left\" target=\"_self\" ><img loading=\"lazy\" decoding=\"async\" width=\"300\" height=\"204\" src=\"https:\/\/rtca.com.tn\/wp-content\/uploads\/2020\/02\/87035410_2568484833423765_4022597508222943232_n-300x204.jpg\" class=\"pt-cv-thumbnail pull-left\" alt=\"\" srcset=\"https:\/\/rtca.com.tn\/wp-content\/uploads\/2020\/02\/87035410_2568484833423765_4022597508222943232_n-300x204.jpg 300w, https:\/\/rtca.com.tn\/wp-content\/uploads\/2020\/02\/87035410_2568484833423765_4022597508222943232_n-768x522.jpg 768w, https:\/\/rtca.com.tn\/wp-content\/uploads\/2020\/02\/87035410_2568484833423765_4022597508222943232_n-1024x697.jpg 1024w, https:\/\/rtca.com.tn\/wp-content\/uploads\/2020\/02\/87035410_2568484833423765_4022597508222943232_n.jpg 2048w\" sizes=\"(max-width: 300px) 100vw, 300px\" \/><\/a>\n<h4 class=\"pt-cv-title\"><a href=\"https:\/\/rtca.com.tn\/index.php\/2020\/02\/18\/le-rtca-au-coeur-du-reseautage-tuniso-canadien\/\" class=\"_self\" target=\"_self\" >Le RTCA au coeur du r\u00e9seautage Tuniso-Canadien<\/a><\/h4>\n<div class=\"pt-cv-content\">Dans une ambiance conviviale, une centaine personnes ont particip\u00e9 au premier \u00e9v\u00e9nement de l\u2019ann\u00e9e 2020 du R\u00e9seau Tuniso-Canadien des Affaires ...<br \/><div class=\"pt-cv-rmwrap\"><a href=\"https:\/\/rtca.com.tn\/index.php\/2020\/02\/18\/le-rtca-au-coeur-du-reseautage-tuniso-canadien\/\" class=\"_self pt-cv-readmore btn btn-success\" target=\"_self\">Plus de d\u00e9tails<\/a><\/div><\/div><\/div><\/div>\n<div class=\"col-md-12 col-sm-6 col-xs-12 pt-cv-content-item pt-cv-2-col\" ><div class='pt-cv-ifield'><a href=\"https:\/\/rtca.com.tn\/index.php\/2020\/01\/17\/m-ridha-blel-se-joint-au-reseau-rtca\/\" class=\"_self pt-cv-href-thumbnail pt-cv-thumb-left\" target=\"_self\" ><img loading=\"lazy\" decoding=\"async\" width=\"300\" height=\"215\" src=\"https:\/\/rtca.com.tn\/wp-content\/uploads\/2020\/01\/1-1-300x215.jpg\" class=\"pt-cv-thumbnail pull-left\" alt=\"\" srcset=\"https:\/\/rtca.com.tn\/wp-content\/uploads\/2020\/01\/1-1-300x215.jpg 300w, https:\/\/rtca.com.tn\/wp-content\/uploads\/2020\/01\/1-1-768x551.jpg 768w, https:\/\/rtca.com.tn\/wp-content\/uploads\/2020\/01\/1-1-1024x734.jpg 1024w\" sizes=\"(max-width: 300px) 100vw, 300px\" \/><\/a>\n<h4 class=\"pt-cv-title\"><a href=\"https:\/\/rtca.com.tn\/index.php\/2020\/01\/17\/m-ridha-blel-se-joint-au-reseau-rtca\/\" class=\"_self\" target=\"_self\" >M. Ridha Blel se joint au r\u00e9seau RTCA<\/a><\/h4>\n<div class=\"pt-cv-content\">Nous sommes heureux de vous annoncer que M. Ridha Blel vient de rejoindre le R\u00e9seau Tuniso-Canadien des Affaires. M. Blel ...<br \/><div class=\"pt-cv-rmwrap\"><a href=\"https:\/\/rtca.com.tn\/index.php\/2020\/01\/17\/m-ridha-blel-se-joint-au-reseau-rtca\/\" class=\"_self pt-cv-readmore btn btn-success\" target=\"_self\">Plus de d\u00e9tails<\/a><\/div><\/div><\/div><\/div>\n<div class=\"col-md-12 col-sm-6 col-xs-12 pt-cv-content-item pt-cv-2-col\" ><div class='pt-cv-ifield'><a href=\"https:\/\/rtca.com.tn\/index.php\/2019\/12\/31\/ouverture-des-adhesions-pour-2020\/\" class=\"_self pt-cv-href-thumbnail pt-cv-thumb-left\" target=\"_self\" ><img loading=\"lazy\" decoding=\"async\" width=\"300\" height=\"176\" src=\"https:\/\/rtca.com.tn\/wp-content\/uploads\/2019\/12\/voeux-2020-300x176.jpg\" class=\"pt-cv-thumbnail pull-left\" alt=\"\" srcset=\"https:\/\/rtca.com.tn\/wp-content\/uploads\/2019\/12\/voeux-2020-300x176.jpg 300w, https:\/\/rtca.com.tn\/wp-content\/uploads\/2019\/12\/voeux-2020-768x452.jpg 768w, https:\/\/rtca.com.tn\/wp-content\/uploads\/2019\/12\/voeux-2020.jpg 850w\" sizes=\"(max-width: 300px) 100vw, 300px\" \/><\/a>\n<h4 class=\"pt-cv-title\"><a href=\"https:\/\/rtca.com.tn\/index.php\/2019\/12\/31\/ouverture-des-adhesions-pour-2020\/\" class=\"_self\" target=\"_self\" >Ouverture des adh\u00e9sions pour 2020<\/a><\/h4>\n<div class=\"pt-cv-content\">Toute l'\u00e9quipe RTCA vous adresse ses meilleurs\u00a0v\u0153ux\u00a0de prosp\u00e9rit\u00e9, de bonheur et de r\u00e9ussite pour l'ann\u00e9e 2020.Pour d\u00e9buter l'ann\u00e9e avec de ...<br \/><div class=\"pt-cv-rmwrap\"><a href=\"https:\/\/rtca.com.tn\/index.php\/2019\/12\/31\/ouverture-des-adhesions-pour-2020\/\" class=\"_self pt-cv-readmore btn btn-success\" target=\"_self\">Plus de d\u00e9tails<\/a><\/div><\/div><\/div><\/div>\n<div class=\"col-md-12 col-sm-6 col-xs-12 pt-cv-content-item pt-cv-2-col\" ><div class='pt-cv-ifield'><a href=\"https:\/\/rtca.com.tn\/index.php\/2019\/12\/11\/le-rtca-au-business-tunisia-export-sfax\/\" class=\"_self pt-cv-href-thumbnail pt-cv-thumb-left\" target=\"_self\" ><img loading=\"lazy\" decoding=\"async\" width=\"300\" height=\"225\" src=\"https:\/\/rtca.com.tn\/wp-content\/uploads\/2019\/12\/1-300x225.jpg\" class=\"pt-cv-thumbnail pull-left\" alt=\"\" srcset=\"https:\/\/rtca.com.tn\/wp-content\/uploads\/2019\/12\/1-300x225.jpg 300w, https:\/\/rtca.com.tn\/wp-content\/uploads\/2019\/12\/1-768x576.jpg 768w, https:\/\/rtca.com.tn\/wp-content\/uploads\/2019\/12\/1-1024x768.jpg 1024w, https:\/\/rtca.com.tn\/wp-content\/uploads\/2019\/12\/1-e1576319713400.jpg 1000w\" sizes=\"(max-width: 300px) 100vw, 300px\" \/><\/a>\n<h4 class=\"pt-cv-title\"><a href=\"https:\/\/rtca.com.tn\/index.php\/2019\/12\/11\/le-rtca-au-business-tunisia-export-sfax\/\" class=\"_self\" target=\"_self\" >Le RTCA au Business Tunisia Export &#8211; sfax<\/a><\/h4>\n<div class=\"pt-cv-content\">Afin de renforcer les relations avec le tissu \u00e9conomique de la ville de Sfax, M. Sofiane Bouziri, VP D\u00e9veloppement International ...<br \/><div class=\"pt-cv-rmwrap\"><a href=\"https:\/\/rtca.com.tn\/index.php\/2019\/12\/11\/le-rtca-au-business-tunisia-export-sfax\/\" class=\"_self pt-cv-readmore btn btn-success\" target=\"_self\">Plus de d\u00e9tails<\/a><\/div><\/div><\/div><\/div>\n<div class=\"col-md-12 col-sm-6 col-xs-12 pt-cv-content-item pt-cv-2-col\" ><div class='pt-cv-ifield'><a href=\"https:\/\/rtca.com.tn\/index.php\/2019\/12\/10\/evaluation-des-nouvelles-recoltes-de-ble-canadien-2019\/\" class=\"_self pt-cv-href-thumbnail pt-cv-thumb-left\" target=\"_self\" ><img loading=\"lazy\" decoding=\"async\" width=\"300\" height=\"225\" src=\"https:\/\/rtca.com.tn\/wp-content\/uploads\/2019\/12\/1-1-300x225.jpg\" class=\"pt-cv-thumbnail pull-left\" alt=\"\" srcset=\"https:\/\/rtca.com.tn\/wp-content\/uploads\/2019\/12\/1-1-300x225.jpg 300w, https:\/\/rtca.com.tn\/wp-content\/uploads\/2019\/12\/1-1.jpg 648w\" sizes=\"(max-width: 300px) 100vw, 300px\" \/><\/a>\n<h4 class=\"pt-cv-title\"><a href=\"https:\/\/rtca.com.tn\/index.php\/2019\/12\/10\/evaluation-des-nouvelles-recoltes-de-ble-canadien-2019\/\" class=\"_self\" target=\"_self\" >\u00c9valuation des Nouvelles R\u00e9coltes de Bl\u00e9 Canadien 2019<\/a><\/h4>\n<div class=\"pt-cv-content\">M. Walid Siala , Directeur chez Randa et Pr\u00e9sident du RTCA, a particip\u00e9 au S\u00e9minaire d'\u00abEvaluation des Nouvelles R\u00e9coltes de ...<br \/><div class=\"pt-cv-rmwrap\"><a href=\"https:\/\/rtca.com.tn\/index.php\/2019\/12\/10\/evaluation-des-nouvelles-recoltes-de-ble-canadien-2019\/\" class=\"_self pt-cv-readmore btn btn-success\" target=\"_self\">Plus de d\u00e9tails<\/a><\/div><\/div><\/div><\/div>\n<div class=\"col-md-12 col-sm-6 col-xs-12 pt-cv-content-item pt-cv-2-col\" ><div class='pt-cv-ifield'><a href=\"https:\/\/rtca.com.tn\/index.php\/2019\/12\/09\/le-forum-e-business-in-africa\/\" class=\"_self pt-cv-href-thumbnail pt-cv-thumb-left\" target=\"_self\" ><img loading=\"lazy\" decoding=\"async\" width=\"300\" height=\"225\" src=\"https:\/\/rtca.com.tn\/wp-content\/uploads\/2019\/12\/78434193_2519654671467243_8358022309524537344_n-300x225.jpg\" class=\"pt-cv-thumbnail pull-left\" alt=\"\" srcset=\"https:\/\/rtca.com.tn\/wp-content\/uploads\/2019\/12\/78434193_2519654671467243_8358022309524537344_n-300x225.jpg 300w, https:\/\/rtca.com.tn\/wp-content\/uploads\/2019\/12\/78434193_2519654671467243_8358022309524537344_n.jpg 640w\" sizes=\"(max-width: 300px) 100vw, 300px\" \/><\/a>\n<h4 class=\"pt-cv-title\"><a href=\"https:\/\/rtca.com.tn\/index.php\/2019\/12\/09\/le-forum-e-business-in-africa\/\" class=\"_self\" target=\"_self\" >Le forum \u00ab\u00a0E-business in Africa\u00a0\u00bb<\/a><\/h4>\n<div class=\"pt-cv-content\">R\u00e9seau Tuniso-Canadien des Affaires RTCA hashtag#Sciences Le RTCA appuie l'initiative de hashtag#Junior_Entreprise_ESEN \u00e0 l'occasion de la deuxi\u00e8me \u00e9dition de son ...<br \/><div class=\"pt-cv-rmwrap\"><a href=\"https:\/\/rtca.com.tn\/index.php\/2019\/12\/09\/le-forum-e-business-in-africa\/\" class=\"_self pt-cv-readmore btn btn-success\" target=\"_self\">Plus de d\u00e9tails<\/a><\/div><\/div><\/div><\/div>\n<div class=\"col-md-12 col-sm-6 col-xs-12 pt-cv-content-item pt-cv-2-col\" ><div class='pt-cv-ifield'><a href=\"https:\/\/rtca.com.tn\/index.php\/2019\/12\/06\/lentreprise-et-le-nouveau-role-de-letat\/\" class=\"_self pt-cv-href-thumbnail pt-cv-thumb-left\" target=\"_self\" ><img loading=\"lazy\" decoding=\"async\" width=\"300\" height=\"200\" src=\"https:\/\/rtca.com.tn\/wp-content\/uploads\/2019\/12\/79010094_10157990079808319_8541275799402053632_o-300x200.jpg\" class=\"pt-cv-thumbnail pull-left\" alt=\"\" srcset=\"https:\/\/rtca.com.tn\/wp-content\/uploads\/2019\/12\/79010094_10157990079808319_8541275799402053632_o-300x200.jpg 300w, https:\/\/rtca.com.tn\/wp-content\/uploads\/2019\/12\/79010094_10157990079808319_8541275799402053632_o-768x511.jpg 768w, https:\/\/rtca.com.tn\/wp-content\/uploads\/2019\/12\/79010094_10157990079808319_8541275799402053632_o.jpg 960w\" sizes=\"(max-width: 300px) 100vw, 300px\" \/><\/a>\n<h4 class=\"pt-cv-title\"><a href=\"https:\/\/rtca.com.tn\/index.php\/2019\/12\/06\/lentreprise-et-le-nouveau-role-de-letat\/\" class=\"_self\" target=\"_self\" >l&rsquo;Entreprise et le nouveau r\u00f4le de l&rsquo;Etat<\/a><\/h4>\n<div class=\"pt-cv-content\">M. Walid Siala , Pr\u00e9sident du RTCA, participe \u00e0 la 34\u00e8me \u00e9dition des journ\u00e9es de l'entreprise qui se tient le ...<br \/><div class=\"pt-cv-rmwrap\"><a href=\"https:\/\/rtca.com.tn\/index.php\/2019\/12\/06\/lentreprise-et-le-nouveau-role-de-letat\/\" class=\"_self pt-cv-readmore btn btn-success\" target=\"_self\">Plus de d\u00e9tails<\/a><\/div><\/div><\/div><\/div>\n<div class=\"col-md-12 col-sm-6 col-xs-12 pt-cv-content-item pt-cv-2-col\" ><div class='pt-cv-ifield'><a href=\"https:\/\/rtca.com.tn\/index.php\/2019\/11\/08\/signature-dune-convention-de-partenariat-entre-le-rtca-et-ccct\/\" class=\"_self pt-cv-href-thumbnail pt-cv-thumb-left\" target=\"_self\" ><img loading=\"lazy\" decoding=\"async\" width=\"225\" height=\"300\" src=\"https:\/\/rtca.com.tn\/wp-content\/uploads\/2019\/12\/2-2-225x300.jpg\" class=\"pt-cv-thumbnail pull-left\" alt=\"\" srcset=\"https:\/\/rtca.com.tn\/wp-content\/uploads\/2019\/12\/2-2-225x300.jpg 225w, https:\/\/rtca.com.tn\/wp-content\/uploads\/2019\/12\/2-2-768x1024.jpg 768w, https:\/\/rtca.com.tn\/wp-content\/uploads\/2019\/12\/2-2.jpg 960w\" sizes=\"(max-width: 225px) 100vw, 225px\" \/><\/a>\n<h4 class=\"pt-cv-title\"><a href=\"https:\/\/rtca.com.tn\/index.php\/2019\/11\/08\/signature-dune-convention-de-partenariat-entre-le-rtca-et-ccct\/\" class=\"_self\" target=\"_self\" >Signature d&rsquo;une convention de Partenariat entre Le RTCA et CCCT<\/a><\/h4>\n<div class=\"pt-cv-content\">Signature d\u2019une Entente de Partenariat : Le R\u00e9seau Tuniso-Canadien des Affaires, RTCA et la Chambre de Commerce Canado-Tunisienne, CCCT annoncent ...<br \/><div class=\"pt-cv-rmwrap\"><a href=\"https:\/\/rtca.com.tn\/index.php\/2019\/11\/08\/signature-dune-convention-de-partenariat-entre-le-rtca-et-ccct\/\" class=\"_self pt-cv-readmore btn btn-success\" target=\"_self\">Plus de d\u00e9tails<\/a><\/div><\/div><\/div><\/div>\n<div class=\"col-md-12 col-sm-6 col-xs-12 pt-cv-content-item pt-cv-2-col\" ><div class='pt-cv-ifield'><a href=\"https:\/\/rtca.com.tn\/index.php\/2019\/11\/08\/reception-a-lhonneur-des-amis-du-canada\/\" class=\"_self pt-cv-href-thumbnail pt-cv-thumb-left\" target=\"_self\" ><img loading=\"lazy\" decoding=\"async\" width=\"300\" height=\"225\" src=\"https:\/\/rtca.com.tn\/wp-content\/uploads\/2019\/12\/0-4-300x225.jpg\" class=\"pt-cv-thumbnail pull-left\" alt=\"\" srcset=\"https:\/\/rtca.com.tn\/wp-content\/uploads\/2019\/12\/0-4-300x225.jpg 300w, https:\/\/rtca.com.tn\/wp-content\/uploads\/2019\/12\/0-4-768x576.jpg 768w, https:\/\/rtca.com.tn\/wp-content\/uploads\/2019\/12\/0-4-1024x768.jpg 1024w, https:\/\/rtca.com.tn\/wp-content\/uploads\/2019\/12\/0-4.jpg 1080w\" sizes=\"(max-width: 300px) 100vw, 300px\" \/><\/a>\n<h4 class=\"pt-cv-title\"><a href=\"https:\/\/rtca.com.tn\/index.php\/2019\/11\/08\/reception-a-lhonneur-des-amis-du-canada\/\" class=\"_self\" target=\"_self\" >R\u00e9ception \u00e0 l&rsquo;honneur des amis du Canada<\/a><\/h4>\n<div class=\"pt-cv-content\">Les membres fondateurs du RTCA ont particip\u00e9, sur invitation de l\u2019Ambassadeur du Canada en Tunisie S.E. Patrice Cousineau, \u00e0 une ...<br \/><div class=\"pt-cv-rmwrap\"><a href=\"https:\/\/rtca.com.tn\/index.php\/2019\/11\/08\/reception-a-lhonneur-des-amis-du-canada\/\" class=\"_self pt-cv-readmore btn btn-success\" target=\"_self\">Plus de d\u00e9tails<\/a><\/div><\/div><\/div><\/div><\/div><\/div><\/div>\n\n\n\n<p><\/p>\n","protected":false},"excerpt":{"rendered":"","protected":false},"author":1,"featured_media":0,"parent":0,"menu_order":0,"comment_status":"closed","ping_status":"closed","template":"","meta":{"footnotes":""},"yoast_head":"<!-- This site is optimized with the Yoast SEO plugin v22.6 - https:\/\/yoast.com\/wordpress\/plugins\/seo\/ -->\n<title>Nouvelles - R\u00e9seau Tuniso-Canadien Des Affaires<\/title>\n<meta name=\"robots\" content=\"index, follow, max-snippet:-1, max-image-preview:large, max-video-preview:-1\" \/>\n<link rel=\"canonical\" href=\"https:\/\/rtca.com.tn\/index.php\/nouvelles\/\" \/>\n<meta property=\"og:locale\" content=\"fr_FR\" \/>\n<meta property=\"og:type\" content=\"article\" \/>\n<meta property=\"og:title\" content=\"Nouvelles - R\u00e9seau Tuniso-Canadien Des Affaires\" \/>\n<meta property=\"og:url\" content=\"https:\/\/rtca.com.tn\/index.php\/nouvelles\/\" \/>\n<meta property=\"og:site_name\" content=\"R\u00e9seau Tuniso-Canadien Des Affaires\" \/>\n<meta name=\"twitter:card\" content=\"summary_large_image\" \/>\n<script type=\"application\/ld+json\" class=\"yoast-schema-graph\">{\"@context\":\"https:\/\/schema.org\",\"@graph\":[{\"@type\":\"WebPage\",\"@id\":\"https:\/\/rtca.com.tn\/index.php\/nouvelles\/\",\"url\":\"https:\/\/rtca.com.tn\/index.php\/nouvelles\/\",\"name\":\"Nouvelles - R\u00e9seau Tuniso-Canadien Des Affaires\",\"isPartOf\":{\"@id\":\"https:\/\/rtca.com.tn\/#website\"},\"datePublished\":\"2019-12-14T10:32:24+00:00\",\"dateModified\":\"2019-12-14T10:32:24+00:00\",\"breadcrumb\":{\"@id\":\"https:\/\/rtca.com.tn\/index.php\/nouvelles\/#breadcrumb\"},\"inLanguage\":\"fr-FR\",\"potentialAction\":[{\"@type\":\"ReadAction\",\"target\":[\"https:\/\/rtca.com.tn\/index.php\/nouvelles\/\"]}]},{\"@type\":\"BreadcrumbList\",\"@id\":\"https:\/\/rtca.com.tn\/index.php\/nouvelles\/#breadcrumb\",\"itemListElement\":[{\"@type\":\"ListItem\",\"position\":1,\"name\":\"Home\",\"item\":\"https:\/\/rtca.com.tn\/\"},{\"@type\":\"ListItem\",\"position\":2,\"name\":\"Nouvelles\"}]},{\"@type\":\"WebSite\",\"@id\":\"https:\/\/rtca.com.tn\/#website\",\"url\":\"https:\/\/rtca.com.tn\/\",\"name\":\"R\u00e9seau Tuniso-Canadien Des Affaires\",\"description\":\"R\u00e9seau Tuniso-Canadien Des Affaires\",\"publisher\":{\"@id\":\"https:\/\/rtca.com.tn\/#organization\"},\"potentialAction\":[{\"@type\":\"SearchAction\",\"target\":{\"@type\":\"EntryPoint\",\"urlTemplate\":\"https:\/\/rtca.com.tn\/?s={search_term_string}\"},\"query-input\":\"required name=search_term_string\"}],\"inLanguage\":\"fr-FR\"},{\"@type\":\"Organization\",\"@id\":\"https:\/\/rtca.com.tn\/#organization\",\"name\":\"R\u00e9seau Tuniso-Canadien Des Affaires\",\"url\":\"https:\/\/rtca.com.tn\/\",\"logo\":{\"@type\":\"ImageObject\",\"inLanguage\":\"fr-FR\",\"@id\":\"https:\/\/rtca.com.tn\/#\/schema\/logo\/image\/\",\"url\":\"https:\/\/rtca.com.tn\/wp-content\/uploads\/2019\/06\/cropped-rtca-logo.png\",\"contentUrl\":\"https:\/\/rtca.com.tn\/wp-content\/uploads\/2019\/06\/cropped-rtca-logo.png\",\"width\":200,\"height\":50,\"caption\":\"R\u00e9seau Tuniso-Canadien Des Affaires\"},\"image\":{\"@id\":\"https:\/\/rtca.com.tn\/#\/schema\/logo\/image\/\"}}]}<\/script>\n<!-- \/ Yoast SEO plugin. -->","yoast_head_json":{"title":"Nouvelles - R\u00e9seau Tuniso-Canadien Des Affaires","robots":{"index":"index","follow":"follow","max-snippet":"max-snippet:-1","max-image-preview":"max-image-preview:large","max-video-preview":"max-video-preview:-1"},"canonical":"https:\/\/rtca.com.tn\/index.php\/nouvelles\/","og_locale":"fr_FR","og_type":"article","og_title":"Nouvelles - R\u00e9seau Tuniso-Canadien Des Affaires","og_url":"https:\/\/rtca.com.tn\/index.php\/nouvelles\/","og_site_name":"R\u00e9seau Tuniso-Canadien Des Affaires","twitter_card":"summary_large_image","schema":{"@context":"https:\/\/schema.org","@graph":[{"@type":"WebPage","@id":"https:\/\/rtca.com.tn\/index.php\/nouvelles\/","url":"https:\/\/rtca.com.tn\/index.php\/nouvelles\/","name":"Nouvelles - R\u00e9seau Tuniso-Canadien Des Affaires","isPartOf":{"@id":"https:\/\/rtca.com.tn\/#website"},"datePublished":"2019-12-14T10:32:24+00:00","dateModified":"2019-12-14T10:32:24+00:00","breadcrumb":{"@id":"https:\/\/rtca.com.tn\/index.php\/nouvelles\/#breadcrumb"},"inLanguage":"fr-FR","potentialAction":[{"@type":"ReadAction","target":["https:\/\/rtca.com.tn\/index.php\/nouvelles\/"]}]},{"@type":"BreadcrumbList","@id":"https:\/\/rtca.com.tn\/index.php\/nouvelles\/#breadcrumb","itemListElement":[{"@type":"ListItem","position":1,"name":"Home","item":"https:\/\/rtca.com.tn\/"},{"@type":"ListItem","position":2,"name":"Nouvelles"}]},{"@type":"WebSite","@id":"https:\/\/rtca.com.tn\/#website","url":"https:\/\/rtca.com.tn\/","name":"R\u00e9seau Tuniso-Canadien Des Affaires","description":"R\u00e9seau Tuniso-Canadien Des Affaires","publisher":{"@id":"https:\/\/rtca.com.tn\/#organization"},"potentialAction":[{"@type":"SearchAction","target":{"@type":"EntryPoint","urlTemplate":"https:\/\/rtca.com.tn\/?s={search_term_string}"},"query-input":"required name=search_term_string"}],"inLanguage":"fr-FR"},{"@type":"Organization","@id":"https:\/\/rtca.com.tn\/#organization","name":"R\u00e9seau Tuniso-Canadien Des Affaires","url":"https:\/\/rtca.com.tn\/","logo":{"@type":"ImageObject","inLanguage":"fr-FR","@id":"https:\/\/rtca.com.tn\/#\/schema\/logo\/image\/","url":"https:\/\/rtca.com.tn\/wp-content\/uploads\/2019\/06\/cropped-rtca-logo.png","contentUrl":"https:\/\/rtca.com.tn\/wp-content\/uploads\/2019\/06\/cropped-rtca-logo.png","width":200,"height":50,"caption":"R\u00e9seau Tuniso-Canadien Des Affaires"},"image":{"@id":"https:\/\/rtca.com.tn\/#\/schema\/logo\/image\/"}}]}},"_links":{"self":[{"href":"https:\/\/rtca.com.tn\/index.php\/wp-json\/wp\/v2\/pages\/61"}],"collection":[{"href":"https:\/\/rtca.com.tn\/index.php\/wp-json\/wp\/v2\/pages"}],"about":[{"href":"https:\/\/rtca.com.tn\/index.php\/wp-json\/wp\/v2\/types\/page"}],"author":[{"embeddable":true,"href":"https:\/\/rtca.com.tn\/index.php\/wp-json\/wp\/v2\/users\/1"}],"replies":[{"embeddable":true,"href":"https:\/\/rtca.com.tn\/index.php\/wp-json\/wp\/v2\/comments?post=61"}],"version-history":[{"count":1,"href":"https:\/\/rtca.com.tn\/index.php\/wp-json\/wp\/v2\/pages\/61\/revisions"}],"predecessor-version":[{"id":85,"href":"https:\/\/rtca.com.tn\/index.php\/wp-json\/wp\/v2\/pages\/61\/revisions\/85"}],"wp:attachment":[{"href":"https:\/\/rtca.com.tn\/index.php\/wp-json\/wp\/v2\/media?parent=61"}],"curies":[{"name":"wp","href":"https:\/\/api.w.org\/{rel}","templated":true}]}}